{"id":356,"date":"2022-10-19T09:50:29","date_gmt":"2022-10-19T07:50:29","guid":{"rendered":"http:\/\/www.lesvelosdarthur.fr\/?page_id=356"},"modified":"2023-03-07T10:46:26","modified_gmt":"2023-03-07T09:46:26","slug":"kit-partiellement-monte","status":"publish","type":"page","link":"http:\/\/www.lesvelosdarthur.fr\/index.php\/kit-partiellement-monte\/","title":{"rendered":"Kit partiellement mont\u00e9"},"content":{"rendered":"\n<p>C&rsquo;est une solution interm\u00e9diaire qui permet de gagner du temps.<\/p>\n\n\n\n<figure class=\"wp-block-image size-large\"><img loading=\"lazy\" decoding=\"async\" width=\"1024\" height=\"670\" src=\"http:\/\/www.lesvelosdarthur.fr\/lesvelosdarthur\/wp-content\/uploads\/2022\/10\/Kit-Partiel-1024x670.jpg\" alt=\"\" class=\"wp-image-361\" srcset=\"http:\/\/www.lesvelosdarthur.fr\/lesvelosdarthur\/wp-content\/uploads\/2022\/10\/Kit-Partiel-1024x670.jpg 1024w, http:\/\/www.lesvelosdarthur.fr\/lesvelosdarthur\/wp-content\/uploads\/2022\/10\/Kit-Partiel-300x196.jpg 300w, http:\/\/www.lesvelosdarthur.fr\/lesvelosdarthur\/wp-content\/uploads\/2022\/10\/Kit-Partiel-768x503.jpg 768w, http:\/\/www.lesvelosdarthur.fr\/lesvelosdarthur\/wp-content\/uploads\/2022\/10\/Kit-Partiel.jpg 1329w\" sizes=\"auto, (max-width: 706px) 89vw, (max-width: 767px) 82vw, 740px\" \/><\/figure>\n\n\n\n<p>Le cadre, la fourche et la b\u00e9quille sont assembl\u00e9s. Vous devez seulement assembler le cadre du v\u00e9lo VTT et les accessoires.<\/p>\n\n\n\n<p>Les plaques de contreplaqu\u00e9es et les accessoires et la visserie de la nacelle sont de <strong>votre<\/strong> <strong>fourniture<\/strong>.<\/p>\n","protected":false},"excerpt":{"rendered":"<p>C&rsquo;est une solution interm\u00e9diaire qui permet de gagner du temps. Le cadre, la fourche et la b\u00e9quille sont assembl\u00e9s. Vous devez seulement assembler le cadre du v\u00e9lo VTT et les accessoires. Les plaques de contreplaqu\u00e9es et les accessoires et la visserie de la nacelle sont de votre fourniture.<\/p>\n","protected":false},"author":1,"featured_media":0,"parent":0,"menu_order":0,"comment_status":"closed","ping_status":"closed","template":"","meta":{"footnotes":""},"class_list":["post-356","page","type-page","status-publish","hentry"],"_links":{"self":[{"href":"http:\/\/www.lesvelosdarthur.fr\/index.php\/wp-json\/wp\/v2\/pages\/356","targetHints":{"allow":["GET"]}}],"collection":[{"href":"http:\/\/www.lesvelosdarthur.fr\/index.php\/wp-json\/wp\/v2\/pages"}],"about":[{"href":"http:\/\/www.lesvelosdarthur.fr\/index.php\/wp-json\/wp\/v2\/types\/page"}],"author":[{"embeddable":true,"href":"http:\/\/www.lesvelosdarthur.fr\/index.php\/wp-json\/wp\/v2\/users\/1"}],"replies":[{"embeddable":true,"href":"http:\/\/www.lesvelosdarthur.fr\/index.php\/wp-json\/wp\/v2\/comments?post=356"}],"version-history":[{"count":7,"href":"http:\/\/www.lesvelosdarthur.fr\/index.php\/wp-json\/wp\/v2\/pages\/356\/revisions"}],"predecessor-version":[{"id":460,"href":"http:\/\/www.lesvelosdarthur.fr\/index.php\/wp-json\/wp\/v2\/pages\/356\/revisions\/460"}],"wp:attachment":[{"href":"http:\/\/www.lesvelosdarthur.fr\/index.php\/wp-json\/wp\/v2\/media?parent=356"}],"curies":[{"name":"wp","href":"https:\/\/api.w.org\/{rel}","templated":true}]}}