{"id":103,"date":"2022-09-07T10:02:21","date_gmt":"2022-09-07T08:02:21","guid":{"rendered":"http:\/\/www.lesvelosdarthur.fr\/?page_id=103"},"modified":"2023-03-07T10:48:21","modified_gmt":"2023-03-07T09:48:21","slug":"pourquoi-cette-conception-de-toles-rivetees","status":"publish","type":"page","link":"http:\/\/www.lesvelosdarthur.fr\/index.php\/pourquoi-cette-conception-de-toles-rivetees\/","title":{"rendered":"Pourquoi cette conception de t\u00f4les rivet\u00e9es?"},"content":{"rendered":"\n<p>Pour de nombreuses raisons :<\/p>\n\n\n\n<ul class=\"wp-block-list\">\n<li>Parce qu\u2019il est possible d&rsquo;assembler soi-m\u00eame le cadre sans avoir de comp\u00e9tence en soudure. Dans la pratique la grande majorit\u00e9 des cadres des v\u00e9los sont fabriqu\u00e9s en tubes cintr\u00e9s, usin\u00e9e, soud\u00e9s. Ces moyens de fabrication n\u00e9cessitent de nombreuses machines et outillages sp\u00e9cifiques et des techniciens comp\u00e9tents capables de les utiliser.<\/li>\n\n\n\n<li>Seule la d\u00e9coupe laser et le pliage des t\u00f4les n\u00e9cessitent des machines industrielles. Ces op\u00e9rations ne n\u00e9cessitent pas d&rsquo;outillages sp\u00e9cifiques et co\u00fbteux. Cette fabrication s&rsquo;int\u00e8gre tr\u00e8s bien dans le flux d\u2019une entreprise qui fabrique d\u00e9j\u00e0 ce type de pi\u00e8ces.<\/li>\n\n\n\n<li>Les t\u00f4les de nos v\u00e9los sont d\u00e9coup\u00e9es dans le d\u00e9partement des Ardennes en France.<\/li>\n\n\n\n<li>Le montage est \u00e9galement effectu\u00e9 dans le d\u00e9partement des Ardennes, pour les v\u00e9los vendus partiellement ou compl\u00e8tement mont\u00e9s.<\/li>\n\n\n\n<li>Le montage des v\u00e9los vendus en kit se fera sur le territoire o\u00f9 ils seront utilis\u00e9s.<\/li>\n\n\n\n<li>pour faire durer plus longtemps un v\u00e9lo. Il est possible de remplacer les pi\u00e8ces d\u00e9fectueuses ou accident\u00e9es d\u2019un cadre. Si par malheur vous pliez le cadre dans un accident, il est possible de remplacer uniquement les pi\u00e8ces tordues. Vous ne mettez pas le cadre complet au rebus.<\/li>\n\n\n\n<li>Et enfin pour r\u00e9aliser le montage soi-m\u00eame. Le rivetage de t\u00f4le ne n\u00e9cessite pas de comp\u00e9tence particuli\u00e8re. C&rsquo;est la raison pour laquelle nous proposons nos v\u00e9los en kit.<\/li>\n<\/ul>\n\n\n<div class=\"wp-block-image\">\n<figure class=\"aligncenter size-large is-resized\"><img loading=\"lazy\" decoding=\"async\" src=\"http:\/\/www.lesvelosdarthur.fr\/lesvelosdarthur\/wp-content\/uploads\/2022\/09\/DSCF4947-1-683x1024.jpg\" alt=\"\" class=\"wp-image-144\" width=\"348\" height=\"521\" srcset=\"http:\/\/www.lesvelosdarthur.fr\/lesvelosdarthur\/wp-content\/uploads\/2022\/09\/DSCF4947-1-683x1024.jpg 683w, http:\/\/www.lesvelosdarthur.fr\/lesvelosdarthur\/wp-content\/uploads\/2022\/09\/DSCF4947-1-200x300.jpg 200w, http:\/\/www.lesvelosdarthur.fr\/lesvelosdarthur\/wp-content\/uploads\/2022\/09\/DSCF4947-1-768x1152.jpg 768w, http:\/\/www.lesvelosdarthur.fr\/lesvelosdarthur\/wp-content\/uploads\/2022\/09\/DSCF4947-1-1024x1536.jpg 1024w, http:\/\/www.lesvelosdarthur.fr\/lesvelosdarthur\/wp-content\/uploads\/2022\/09\/DSCF4947-1-1365x2048.jpg 1365w, http:\/\/www.lesvelosdarthur.fr\/lesvelosdarthur\/wp-content\/uploads\/2022\/09\/DSCF4947-1-scaled.jpg 1707w\" sizes=\"auto, (max-width: 348px) 100vw, 348px\" \/><\/figure>\n<\/div>\n\n\n<p class=\"has-text-align-right\"><strong><a href=\"http:\/\/www.lesvelosdarthur.fr\/index.php\/le-concept\/\">Retour<\/a><\/strong><\/p>\n","protected":false},"excerpt":{"rendered":"<p>Pour de nombreuses raisons : Retour<\/p>\n","protected":false},"author":1,"featured_media":0,"parent":0,"menu_order":0,"comment_status":"closed","ping_status":"closed","template":"","meta":{"footnotes":""},"class_list":["post-103","page","type-page","status-publish","hentry"],"_links":{"self":[{"href":"http:\/\/www.lesvelosdarthur.fr\/index.php\/wp-json\/wp\/v2\/pages\/103","targetHints":{"allow":["GET"]}}],"collection":[{"href":"http:\/\/www.lesvelosdarthur.fr\/index.php\/wp-json\/wp\/v2\/pages"}],"about":[{"href":"http:\/\/www.lesvelosdarthur.fr\/index.php\/wp-json\/wp\/v2\/types\/page"}],"author":[{"embeddable":true,"href":"http:\/\/www.lesvelosdarthur.fr\/index.php\/wp-json\/wp\/v2\/users\/1"}],"replies":[{"embeddable":true,"href":"http:\/\/www.lesvelosdarthur.fr\/index.php\/wp-json\/wp\/v2\/comments?post=103"}],"version-history":[{"count":19,"href":"http:\/\/www.lesvelosdarthur.fr\/index.php\/wp-json\/wp\/v2\/pages\/103\/revisions"}],"predecessor-version":[{"id":528,"href":"http:\/\/www.lesvelosdarthur.fr\/index.php\/wp-json\/wp\/v2\/pages\/103\/revisions\/528"}],"wp:attachment":[{"href":"http:\/\/www.lesvelosdarthur.fr\/index.php\/wp-json\/wp\/v2\/media?parent=103"}],"curies":[{"name":"wp","href":"https:\/\/api.w.org\/{rel}","templated":true}]}}